{"id":4474,"date":"2024-05-02T11:17:08","date_gmt":"2024-05-02T09:17:08","guid":{"rendered":"https:\/\/culturayciencia.org\/litterae\/?page_id=4474"},"modified":"2024-05-02T11:17:12","modified_gmt":"2024-05-02T09:17:12","slug":"benjamin-recacha","status":"publish","type":"page","link":"https:\/\/culturayciencia.org\/litterae\/benjamin-recacha\/","title":{"rendered":"Benjam\u00edn Recacha"},"content":{"rendered":"\n<section class=\"wp-block-uagb-columns uagb-columns__wrap uagb-columns__background-none uagb-columns__stack-mobile uagb-columns__valign-top uagb-columns__gap-10 align uagb-block-6d2fc7ed uagb-columns__columns-2 uagb-columns__max_width-theme\"><div class=\"uagb-columns__overlay\"><\/div><div class=\"uagb-columns__inner-wrap uagb-columns__columns-2\">\n<div class=\"wp-block-uagb-column uagb-column__wrap uagb-column__background-color uagb-block-98aac7ba\"><div class=\"uagb-column__overlay\"><\/div><div class=\"wp-block-image is-style-rounded\">\n<figure class=\"aligncenter size-full\"><img loading=\"lazy\" decoding=\"async\" width=\"417\" height=\"417\" src=\"https:\/\/culturayciencia.org\/litterae\/wp-content\/uploads\/2024\/05\/Benjamin_Recacha_Litterae_2024-1.jpg\" alt=\"\" class=\"wp-image-4475\" srcset=\"https:\/\/culturayciencia.org\/litterae\/wp-content\/uploads\/2024\/05\/Benjamin_Recacha_Litterae_2024-1.jpg 417w, https:\/\/culturayciencia.org\/litterae\/wp-content\/uploads\/2024\/05\/Benjamin_Recacha_Litterae_2024-1-300x300.jpg 300w, https:\/\/culturayciencia.org\/litterae\/wp-content\/uploads\/2024\/05\/Benjamin_Recacha_Litterae_2024-1-150x150.jpg 150w\" sizes=\"auto, (max-width: 417px) 100vw, 417px\" \/><\/figure>\n<\/div>\n\n\n<h2 class=\"wp-block-heading has-text-align-center has-medium-font-size\"><strong><strong><strong><strong>Benjam\u00edn Recacha<\/strong><\/strong><\/strong><\/strong><\/h2>\n\n\n\n<p class=\"has-text-align-center has-vivid-red-color has-text-color\">Miembro del equipo docente y de comunicaci\u00f3n. <br>Asociaci\u00f3n Atrapavientos.<\/p>\n<\/div>\n\n\n\n<div class=\"wp-block-uagb-column uagb-column__wrap uagb-column__background-undefined uagb-block-af01522f\"><div class=\"uagb-column__overlay\"><\/div>\n<p>Badalona, 1974. Es periodista, escritor y profesor de escritura creativa. Forma parte de los equipos creativo, docente y de comunicaci\u00f3n de la Asociaci\u00f3n Atrapavientos (Premio Nacional de Fomento de la Lectura 2022), con 15 a\u00f1os de experiencia en el desarrollo de proyectos de animaci\u00f3n a la lectura a trav\u00e9s de la escritura, y especializada en literatura infantil y juvenil.<\/p>\n\n\n\n<p>Benjam\u00edn ha trabajado en prensa, radio, televisi\u00f3n, comunicaci\u00f3n institucional y corporativa. En 2012 escribi\u00f3 su primera novela, <em>El viaje de Pau<\/em>, a la que siguieron <em>Con la vida a cuestas<\/em>, <em>Memorias de L\u00e1zaro Hunter<\/em>,<em> Escapando del recuerdo<\/em> y <em>D\u00edas de ara\u00f1as, buitres y ovejas<\/em>. Adem\u00e1s, es coautor de la obra divulgativa <em>1886-2019: La premsa calderina. Passi\u00f3 per informar (malgrat tot)<\/em>, sobre la historia de los medios de comunicaci\u00f3n de Caldes de Montbui, el municipio donde vive.<\/p>\n\n\n\n<p>Adem\u00e1s, es responsable de comunicaci\u00f3n de la Muestra de Cine de Ascaso, \u00abLa muestra de cine m\u00e1s peque\u00f1a del mundo\u00bb, que se celebra cada final de agosto bajo el cielo del Pirineo aragon\u00e9s.<\/p>\n<\/div>\n<\/div><\/section>\n","protected":false},"excerpt":{"rendered":"","protected":false},"author":4,"featured_media":0,"parent":0,"menu_order":0,"comment_status":"closed","ping_status":"closed","template":"","meta":{"_acf_changed":false,"om_disable_all_campaigns":false,"_uag_custom_page_level_css":"","_monsterinsights_skip_tracking":false,"_monsterinsights_sitenote_active":false,"_monsterinsights_sitenote_note":"","_monsterinsights_sitenote_category":0,"_uf_show_specific_survey":0,"_uf_disable_surveys":false,"footnotes":""},"class_list":{"0":"post-4474","1":"page","2":"type-page","3":"status-publish","5":"no-featured-image-padding"},"acf":[],"aioseo_notices":[],"uagb_featured_image_src":{"full":false,"thumbnail":false,"medium":false,"medium_large":false,"large":false,"1536x1536":false,"2048x2048":false},"uagb_author_info":{"display_name":false,"author_link":"https:\/\/culturayciencia.org\/litterae\/author\/librerae\/"},"uagb_comment_info":0,"uagb_excerpt":null,"_links":{"self":[{"href":"https:\/\/culturayciencia.org\/litterae\/wp-json\/wp\/v2\/pages\/4474","targetHints":{"allow":["GET"]}}],"collection":[{"href":"https:\/\/culturayciencia.org\/litterae\/wp-json\/wp\/v2\/pages"}],"about":[{"href":"https:\/\/culturayciencia.org\/litterae\/wp-json\/wp\/v2\/types\/page"}],"author":[{"embeddable":true,"href":"https:\/\/culturayciencia.org\/litterae\/wp-json\/wp\/v2\/users\/4"}],"replies":[{"embeddable":true,"href":"https:\/\/culturayciencia.org\/litterae\/wp-json\/wp\/v2\/comments?post=4474"}],"version-history":[{"count":0,"href":"https:\/\/culturayciencia.org\/litterae\/wp-json\/wp\/v2\/pages\/4474\/revisions"}],"wp:attachment":[{"href":"https:\/\/culturayciencia.org\/litterae\/wp-json\/wp\/v2\/media?parent=4474"}],"curies":[{"name":"wp","href":"https:\/\/api.w.org\/{rel}","templated":true}]}}