{"id":4478,"date":"2024-05-02T11:23:16","date_gmt":"2024-05-02T09:23:16","guid":{"rendered":"https:\/\/culturayciencia.org\/litterae\/?page_id=4478"},"modified":"2024-05-02T11:23:18","modified_gmt":"2024-05-02T09:23:18","slug":"manuel-borras-arana","status":"publish","type":"page","link":"https:\/\/culturayciencia.org\/litterae\/manuel-borras-arana\/","title":{"rendered":"Manuel Borr\u00e1s Arana"},"content":{"rendered":"\n<section class=\"wp-block-uagb-columns uagb-columns__wrap uagb-columns__stack-mobile uagb-columns__valign-top uagb-columns__gap-10 align uagb-block-6d2fc7ed uagb-columns__columns-2 uagb-columns__max_width-theme\"><div class=\"uagb-columns__overlay\"><\/div><div class=\"uagb-columns__inner-wrap uagb-columns__columns-2\">\n<div class=\"wp-block-uagb-column uagb-column__wrap uagb-column__background-color uagb-block-98aac7ba\"><div class=\"uagb-column__overlay\"><\/div><div class=\"wp-block-image is-style-rounded\">\n<figure class=\"aligncenter size-full\"><img loading=\"lazy\" decoding=\"async\" width=\"417\" height=\"417\" src=\"https:\/\/culturayciencia.org\/litterae\/wp-content\/uploads\/2024\/05\/Manolo_Borras_Litterae_2024-1.jpg\" alt=\"\" class=\"wp-image-4479\" srcset=\"https:\/\/culturayciencia.org\/litterae\/wp-content\/uploads\/2024\/05\/Manolo_Borras_Litterae_2024-1.jpg 417w, https:\/\/culturayciencia.org\/litterae\/wp-content\/uploads\/2024\/05\/Manolo_Borras_Litterae_2024-1-300x300.jpg 300w, https:\/\/culturayciencia.org\/litterae\/wp-content\/uploads\/2024\/05\/Manolo_Borras_Litterae_2024-1-150x150.jpg 150w\" sizes=\"auto, (max-width: 417px) 100vw, 417px\" \/><\/figure>\n<\/div>\n\n\n<h2 class=\"wp-block-heading has-text-align-center has-medium-font-size\"><strong>Manuel Borr\u00e1s Arana<\/strong><\/h2>\n\n\n\n<p class=\"has-text-align-center has-vivid-red-color has-text-color\">Fundador Editorial Pre-textos.<\/p>\n<\/div>\n\n\n\n<div class=\"wp-block-uagb-column uagb-column__wrap uagb-column__background-undefined uagb-block-af01522f\"><div class=\"uagb-column__overlay\"><\/div>\n<p>Naci\u00f3 en Valencia (Espa\u00f1a), en 1952. Curs\u00f3 estudios de bachillerato en el Colegio Alem\u00e1n de su ciudad natal, y de Preuniversitario en el CEU de Madrid. M\u00e1s tarde se licenci\u00f3 en Filolog\u00eda moderna por la Universidad de Valencia, en las especialidades de alem\u00e1n e ingl\u00e9s. Desarrolla actividades editoriales desde 1974, fecha en que funda la Editorial Pre-Textos junto a un par de socios colaboradores. En la actualidad es director literario de dicha editorial. Durante su \u00e9poca universitaria desarroll\u00f3 trabajos acad\u00e9micos de german\u00edstica, en torno al movimiento expresionista alem\u00e1n y austriaco. Viene colaborando espor\u00e1dicamente en publicaciones peri\u00f3dicas y revistas especializadas.<\/p>\n\n\n\n<p>En 1997, la editorial Pre-Textos obtuvo el <strong>Premio Nacional del Ministerio de Cultura a la labor editorial<\/strong>. En 2008, Pre-Textos fue considerada la <strong>Editorial del A\u00f1o de la FIL de Guadalajara <\/strong>(M\u00e9xico), en 2009, de la de <strong>Lima <\/strong>(Per\u00fa). En 2010, Pre-Textos fue invitada a la Miami Book Fair International para conmemorar el 35 aniversario de la editorial. En el a\u00f1o 2012, Manuel Borr\u00e1s fue invitado especial de la Feria del Libro FILUC de Valencia (Venezuela), donde recibi\u00f3 la <strong>Condecoraci\u00f3n \u00abAlejo Zuloaga\u00bb <\/strong>por la Universidad de Carabobo. En 2014, junto a Dar\u00edo Jaramillo Agudelo, particip\u00f3 en el VIII Carnaval Internacional de las Artes de Barranquilla (Colombia). A finales de 2016, a\u00f1o en que la Editorial Pre-Textos conmemora su 40 aniversario, Manuel Borr\u00e1s recibe por parte del <strong>Ministerio de Educaci\u00f3n, Cultura y Deporte de la Medalla de Oro al M\u00e9rito en las Bellas Artes<\/strong>.<\/p>\n<\/div>\n<\/div><\/section>\n","protected":false},"excerpt":{"rendered":"","protected":false},"author":4,"featured_media":0,"parent":0,"menu_order":0,"comment_status":"closed","ping_status":"closed","template":"","meta":{"_acf_changed":false,"om_disable_all_campaigns":false,"_uag_custom_page_level_css":"","_monsterinsights_skip_tracking":false,"_monsterinsights_sitenote_active":false,"_monsterinsights_sitenote_note":"","_monsterinsights_sitenote_category":0,"_uf_show_specific_survey":0,"_uf_disable_surveys":false,"footnotes":""},"class_list":{"0":"post-4478","1":"page","2":"type-page","3":"status-publish","5":"no-featured-image-padding"},"acf":[],"aioseo_notices":[],"uagb_featured_image_src":{"full":false,"thumbnail":false,"medium":false,"medium_large":false,"large":false,"1536x1536":false,"2048x2048":false},"uagb_author_info":{"display_name":false,"author_link":"https:\/\/culturayciencia.org\/litterae\/author\/librerae\/"},"uagb_comment_info":0,"uagb_excerpt":null,"_links":{"self":[{"href":"https:\/\/culturayciencia.org\/litterae\/wp-json\/wp\/v2\/pages\/4478","targetHints":{"allow":["GET"]}}],"collection":[{"href":"https:\/\/culturayciencia.org\/litterae\/wp-json\/wp\/v2\/pages"}],"about":[{"href":"https:\/\/culturayciencia.org\/litterae\/wp-json\/wp\/v2\/types\/page"}],"author":[{"embeddable":true,"href":"https:\/\/culturayciencia.org\/litterae\/wp-json\/wp\/v2\/users\/4"}],"replies":[{"embeddable":true,"href":"https:\/\/culturayciencia.org\/litterae\/wp-json\/wp\/v2\/comments?post=4478"}],"version-history":[{"count":0,"href":"https:\/\/culturayciencia.org\/litterae\/wp-json\/wp\/v2\/pages\/4478\/revisions"}],"wp:attachment":[{"href":"https:\/\/culturayciencia.org\/litterae\/wp-json\/wp\/v2\/media?parent=4478"}],"curies":[{"name":"wp","href":"https:\/\/api.w.org\/{rel}","templated":true}]}}