{"id":4490,"date":"2024-05-02T11:42:35","date_gmt":"2024-05-02T09:42:35","guid":{"rendered":"https:\/\/culturayciencia.org\/litterae\/?page_id=4490"},"modified":"2024-05-02T11:42:42","modified_gmt":"2024-05-02T09:42:42","slug":"martin-gomez","status":"publish","type":"page","link":"https:\/\/culturayciencia.org\/litterae\/martin-gomez\/","title":{"rendered":"Mart\u00edn G\u00f3mez"},"content":{"rendered":"\n<section class=\"wp-block-uagb-columns uagb-columns__wrap uagb-columns__stack-mobile uagb-columns__valign-top uagb-columns__gap-10 align uagb-block-6d2fc7ed uagb-columns__columns-2 uagb-columns__max_width-theme\"><div class=\"uagb-columns__overlay\"><\/div><div class=\"uagb-columns__inner-wrap uagb-columns__columns-2\">\n<div class=\"wp-block-uagb-column uagb-column__wrap uagb-column__background-color uagb-block-98aac7ba\"><div class=\"uagb-column__overlay\"><\/div><div class=\"wp-block-image is-style-rounded\">\n<figure class=\"aligncenter size-full\"><img loading=\"lazy\" decoding=\"async\" width=\"417\" height=\"417\" src=\"https:\/\/culturayciencia.org\/litterae\/wp-content\/uploads\/2024\/05\/Martin_Gomez_Litterae_2024-1.jpg\" alt=\"\" class=\"wp-image-4491\" srcset=\"https:\/\/culturayciencia.org\/litterae\/wp-content\/uploads\/2024\/05\/Martin_Gomez_Litterae_2024-1.jpg 417w, https:\/\/culturayciencia.org\/litterae\/wp-content\/uploads\/2024\/05\/Martin_Gomez_Litterae_2024-1-300x300.jpg 300w, https:\/\/culturayciencia.org\/litterae\/wp-content\/uploads\/2024\/05\/Martin_Gomez_Litterae_2024-1-150x150.jpg 150w\" sizes=\"auto, (max-width: 417px) 100vw, 417px\" \/><\/figure>\n<\/div>\n\n\n<h2 class=\"wp-block-heading has-text-align-center has-medium-font-size\"><strong>Mart\u00edn G\u00f3mez<\/strong><\/h2>\n\n\n\n<p class=\"has-text-align-center has-vivid-red-color has-text-color\">Consultor editorial.<\/p>\n<\/div>\n\n\n\n<div class=\"wp-block-uagb-column uagb-column__wrap uagb-column__background-undefined uagb-block-af01522f\"><div class=\"uagb-column__overlay\"><\/div>\n<p>Consultor editorial experto en procesos de internacionalizaci\u00f3n de editoriales, cat\u00e1logos y autores. Desde 2003 ha trabajado con editoriales, organizaciones gremiales del sector del libro y ferias del libro tanto de Espa\u00f1a como de diferentes pa\u00edses hispanoamericanos. Ha colaborado con el Instituto Cervantes, los Ministerios de Cultura y de Relaciones Exteriores de Colombia, el Instituto Caro y Cuervo, Casa de Am\u00e9rica, Casa Am\u00e8rica Catalunya, la Agencia Espa\u00f1ola de Cooperaci\u00f3n Internacional para el Desarrollo (AECID), el Centre de Cultura Contempor\u00e0nia de Barcelona (CCCB), la Fundaci\u00f3n Germ\u00e1n S\u00e1nchez Ruip\u00e9rez (FGSR), la Asociaci\u00f3n de Revistas Culturales de Espa\u00f1a (ARCE), la Federaci\u00f3n de Gremios de Editores de Espa\u00f1a (FGEE), el Centro Regional para el Fomento del Libro en Am\u00e9rica Latina y el Caribe (CERLALC), el Centro de Estudios Mexicanos en Espa\u00f1a (CEM-Espa\u00f1a) de la Universidad Nacional Aut\u00f3noma de M\u00e9xico (UNAM), la C\u00e1mara colombiana del libro, la C\u00e1mara peruana del libro, LIBER, la Feria Internacional del Libro de Guadalajara (FIL), Feria Internacional del Libro de Bogot\u00e1 (FILBo) y la Feria Internacional del Libro de Lima (FIL Lima).<\/p>\n<\/div>\n<\/div><\/section>\n","protected":false},"excerpt":{"rendered":"","protected":false},"author":4,"featured_media":0,"parent":0,"menu_order":0,"comment_status":"closed","ping_status":"closed","template":"","meta":{"_acf_changed":false,"om_disable_all_campaigns":false,"_uag_custom_page_level_css":"","_monsterinsights_skip_tracking":false,"_monsterinsights_sitenote_active":false,"_monsterinsights_sitenote_note":"","_monsterinsights_sitenote_category":0,"_uf_show_specific_survey":0,"_uf_disable_surveys":false,"footnotes":""},"class_list":{"0":"post-4490","1":"page","2":"type-page","3":"status-publish","5":"no-featured-image-padding"},"acf":[],"aioseo_notices":[],"uagb_featured_image_src":{"full":false,"thumbnail":false,"medium":false,"medium_large":false,"large":false,"1536x1536":false,"2048x2048":false},"uagb_author_info":{"display_name":false,"author_link":"https:\/\/culturayciencia.org\/litterae\/author\/librerae\/"},"uagb_comment_info":0,"uagb_excerpt":null,"_links":{"self":[{"href":"https:\/\/culturayciencia.org\/litterae\/wp-json\/wp\/v2\/pages\/4490","targetHints":{"allow":["GET"]}}],"collection":[{"href":"https:\/\/culturayciencia.org\/litterae\/wp-json\/wp\/v2\/pages"}],"about":[{"href":"https:\/\/culturayciencia.org\/litterae\/wp-json\/wp\/v2\/types\/page"}],"author":[{"embeddable":true,"href":"https:\/\/culturayciencia.org\/litterae\/wp-json\/wp\/v2\/users\/4"}],"replies":[{"embeddable":true,"href":"https:\/\/culturayciencia.org\/litterae\/wp-json\/wp\/v2\/comments?post=4490"}],"version-history":[{"count":0,"href":"https:\/\/culturayciencia.org\/litterae\/wp-json\/wp\/v2\/pages\/4490\/revisions"}],"wp:attachment":[{"href":"https:\/\/culturayciencia.org\/litterae\/wp-json\/wp\/v2\/media?parent=4490"}],"curies":[{"name":"wp","href":"https:\/\/api.w.org\/{rel}","templated":true}]}}