{"id":4514,"date":"2024-05-02T12:41:18","date_gmt":"2024-05-02T10:41:18","guid":{"rendered":"https:\/\/culturayciencia.org\/litterae\/?page_id=4514"},"modified":"2024-05-03T13:55:16","modified_gmt":"2024-05-03T11:55:16","slug":"ligia-boga","status":"publish","type":"page","link":"https:\/\/culturayciencia.org\/litterae\/ligia-boga\/","title":{"rendered":"Ligia Boga"},"content":{"rendered":"\n<section class=\"wp-block-uagb-columns uagb-columns__wrap uagb-columns__background-none uagb-columns__stack-mobile uagb-columns__valign-top uagb-columns__gap-10 align uagb-block-6d2fc7ed uagb-columns__columns-2 uagb-columns__max_width-theme\"><div class=\"uagb-columns__overlay\"><\/div><div class=\"uagb-columns__inner-wrap uagb-columns__columns-2\">\n<div class=\"wp-block-uagb-column uagb-column__wrap uagb-column__background-color uagb-block-98aac7ba\"><div class=\"uagb-column__overlay\"><\/div><div class=\"wp-block-image is-style-rounded\">\n<figure class=\"aligncenter size-full\"><img loading=\"lazy\" decoding=\"async\" width=\"417\" height=\"417\" src=\"https:\/\/culturayciencia.org\/litterae\/wp-content\/uploads\/2024\/05\/Ligia_Boga_Litterae_2024-1.jpg\" alt=\"\" class=\"wp-image-4515\" srcset=\"https:\/\/culturayciencia.org\/litterae\/wp-content\/uploads\/2024\/05\/Ligia_Boga_Litterae_2024-1.jpg 417w, https:\/\/culturayciencia.org\/litterae\/wp-content\/uploads\/2024\/05\/Ligia_Boga_Litterae_2024-1-300x300.jpg 300w, https:\/\/culturayciencia.org\/litterae\/wp-content\/uploads\/2024\/05\/Ligia_Boga_Litterae_2024-1-150x150.jpg 150w\" sizes=\"auto, (max-width: 417px) 100vw, 417px\" \/><\/figure>\n<\/div>\n\n\n<h2 class=\"wp-block-heading has-text-align-center has-medium-font-size\"><strong>Ligia Boga<\/strong><\/h2>\n\n\n\n<p class=\"has-text-align-center has-vivid-red-color has-text-color\">Editora en MueveTuLengua.<\/p>\n<\/div>\n\n\n\n<div class=\"wp-block-uagb-column uagb-column__wrap uagb-column__background-undefined uagb-block-af01522f\"><div class=\"uagb-column__overlay\"><\/div>\n<p>Estudi\u00f3 Humanidades en la Universidad de Alcal\u00e1 de Henares, y despu\u00e9s el M\u00e1ster de Edici\u00f3n: Taller de Libros, en la Universidad Aut\u00f3noma de Madrid.<\/p>\n\n\n\n<p>Su camino en el mundo de la edici\u00f3n comenz\u00f3 en 2020, colaborando con varias editoriales independientes que le han ense\u00f1ado esta fant\u00e1stica labor y amor por los libros. Tambi\u00e9n ha sido librera, correctora la mayor parte del tiempo y es lectora a jornada completa.<\/p>\n\n\n\n<p>Es una verdad universalmente admitida que los gustos personales del editor no deben entrometerse en la creaci\u00f3n de un libro, pero como amante de los libros peque\u00f1os y de bolsillo, ha fusionado esto en la colecci\u00f3n de Poemillo; poes\u00eda de bolsillo, que apuesta por este formato, para todos los bolsillos, y poetas emergentes que lleguen a muchos lectores. Y que la poes\u00eda no acabe nunca.<\/p>\n<\/div>\n<\/div><\/section>\n\n\n","protected":false},"excerpt":{"rendered":"","protected":false},"author":4,"featured_media":0,"parent":0,"menu_order":0,"comment_status":"closed","ping_status":"closed","template":"","meta":{"_acf_changed":false,"om_disable_all_campaigns":false,"_uag_custom_page_level_css":"","_monsterinsights_skip_tracking":false,"_monsterinsights_sitenote_active":false,"_monsterinsights_sitenote_note":"","_monsterinsights_sitenote_category":0,"_uf_show_specific_survey":0,"_uf_disable_surveys":false,"footnotes":""},"class_list":{"0":"post-4514","1":"page","2":"type-page","3":"status-publish","5":"no-featured-image-padding"},"acf":[],"aioseo_notices":[],"uagb_featured_image_src":{"full":false,"thumbnail":false,"medium":false,"medium_large":false,"large":false,"1536x1536":false,"2048x2048":false},"uagb_author_info":{"display_name":false,"author_link":"https:\/\/culturayciencia.org\/litterae\/author\/librerae\/"},"uagb_comment_info":0,"uagb_excerpt":null,"_links":{"self":[{"href":"https:\/\/culturayciencia.org\/litterae\/wp-json\/wp\/v2\/pages\/4514","targetHints":{"allow":["GET"]}}],"collection":[{"href":"https:\/\/culturayciencia.org\/litterae\/wp-json\/wp\/v2\/pages"}],"about":[{"href":"https:\/\/culturayciencia.org\/litterae\/wp-json\/wp\/v2\/types\/page"}],"author":[{"embeddable":true,"href":"https:\/\/culturayciencia.org\/litterae\/wp-json\/wp\/v2\/users\/4"}],"replies":[{"embeddable":true,"href":"https:\/\/culturayciencia.org\/litterae\/wp-json\/wp\/v2\/comments?post=4514"}],"version-history":[{"count":0,"href":"https:\/\/culturayciencia.org\/litterae\/wp-json\/wp\/v2\/pages\/4514\/revisions"}],"wp:attachment":[{"href":"https:\/\/culturayciencia.org\/litterae\/wp-json\/wp\/v2\/media?parent=4514"}],"curies":[{"name":"wp","href":"https:\/\/api.w.org\/{rel}","templated":true}]}}