{"id":5089,"date":"2025-03-28T11:30:45","date_gmt":"2025-03-28T10:30:45","guid":{"rendered":"https:\/\/culturayciencia.org\/litterae\/?post_type=ponente&#038;p=5089"},"modified":"2025-04-01T21:26:00","modified_gmt":"2025-04-01T19:26:00","slug":"africa-ramirez","status":"publish","type":"ponente","link":"https:\/\/culturayciencia.org\/litterae\/ponente\/africa-ramirez\/","title":{"rendered":"\u00c1frica Ram\u00edrez"},"content":{"rendered":"\n<p>Directora editorial de Balandra Edicions y una profesional con una trayectoria consolidada en el mundo de la edici\u00f3n desde 1988. A lo largo de su carrera ha demostrado un firme compromiso con la formaci\u00f3n en el \u00e1mbito editorial, impartiendo cursos, coordinando premios y participando como jurado en cert\u00e1menes literarios. Su labor en la difusi\u00f3n de la edici\u00f3n y la literatura incluye la comisar\u00eda de exposiciones, as\u00ed como su participaci\u00f3n como ponente en mesas redondas.&nbsp;<\/p>\n\n\n\n<p>Es miembro del consorcio PUBCOOP-Literary Market, un proyecto europeo destinado a fortalecer la competitividad de las editoriales independientes a nivel internacional. Su implicaci\u00f3n en el sector editorial la ha llevado a formar parte de diversas juntas directivas de la Associaci\u00f3 d\u2019Editorials del Pa\u00eds Valenci\u00e0 (AEPV), donde desde 2018 ejerce como presidenta. Tambi\u00e9n es representante de la Federaci\u00f3n del Gremio de Editores de Espa\u00f1a y patrona de la Fundaci\u00f3 FULL.<\/p>\n\n\n\n<p><\/p>\n","protected":false},"template":"","meta":{"_acf_changed":true,"om_disable_all_campaigns":false,"_uag_custom_page_level_css":"","_monsterinsights_skip_tracking":false,"_monsterinsights_sitenote_active":false,"_monsterinsights_sitenote_note":"","_monsterinsights_sitenote_category":0,"_uf_show_specific_survey":0,"_uf_disable_surveys":false},"ano":[12],"class_list":["post-5089","ponente","type-ponente","status-publish","hentry","ano-12","no-featured-image-padding"],"acf":[],"aioseo_notices":[],"uagb_featured_image_src":[],"uagb_author_info":{"display_name":false,"author_link":"https:\/\/culturayciencia.org\/litterae\/author\/"},"uagb_comment_info":0,"uagb_excerpt":null,"_links":{"self":[{"href":"https:\/\/culturayciencia.org\/litterae\/wp-json\/wp\/v2\/ponente\/5089","targetHints":{"allow":["GET"]}}],"collection":[{"href":"https:\/\/culturayciencia.org\/litterae\/wp-json\/wp\/v2\/ponente"}],"about":[{"href":"https:\/\/culturayciencia.org\/litterae\/wp-json\/wp\/v2\/types\/ponente"}],"wp:attachment":[{"href":"https:\/\/culturayciencia.org\/litterae\/wp-json\/wp\/v2\/media?parent=5089"}],"wp:term":[{"taxonomy":"ano","embeddable":true,"href":"https:\/\/culturayciencia.org\/litterae\/wp-json\/wp\/v2\/ano?post=5089"}],"curies":[{"name":"wp","href":"https:\/\/api.w.org\/{rel}","templated":true}]}}